{"id":1711,"date":"2018-10-11T08:11:38","date_gmt":"2018-10-11T06:11:38","guid":{"rendered":"https:\/\/serginhomoreira.com\/?page_id=1711\/"},"modified":"2018-10-11T09:46:33","modified_gmt":"2018-10-11T07:46:33","slug":"biografia","status":"publish","type":"page","link":"https:\/\/serginhomoreira.com\/es\/biografia\/","title":{"rendered":"Bio"},"content":{"rendered":"<div class=\"wpb-content-wrapper\"><p>[vc_row css_animation=&#8221;&#8221; row_type=&#8221;row&#8221; use_row_as_full_screen_section=&#8221;no&#8221; type=&#8221;grid&#8221; angled_section=&#8221;no&#8221; text_align=&#8221;left&#8221; background_image_as_pattern=&#8221;without_pattern&#8221; padding_top=&#8221;170&#8243; padding_bottom=&#8221;80&#8243; z_index=&#8221;&#8221;][vc_column][vc_column_text]<\/p>\n<h3><span style=\"color: #ffffff;\">BIO<\/span><\/h3>\n<p>[\/vc_column_text][vc_separator type=&#8221;transparent&#8221; up=&#8221;15&#8243; down=&#8221;0&#8243;][vc_column_text]<\/p>\n<h2>SERGINHO MOREIRA<\/h2>\n<p>[\/vc_column_text][vc_separator type=&#8221;transparent&#8221; up=&#8221;50&#8243; down=&#8221;0&#8243;][vc_row_inner row_type=&#8221;row&#8221; type=&#8221;full_width&#8221; text_align=&#8221;left&#8221; padding_bottom=&#8221;20&#8243; css_animation=&#8221;&#8221;][vc_column_inner offset=&#8221;vc_col-lg-offset-0 vc_col-lg-6 vc_col-md-offset-0 vc_col-md-6 vc_col-sm-offset-0&#8243;][vc_column_text]<span lang=\"es\">CONSTANCIA y ESFUERZO son su filosof\u00eda de vida y se integran de manera tan natural como la madera de sus baquetas<\/span>.<\/p>\n<p><span lang=\"es\">Serginho Moreira, entre otras cosas, es el bater\u00eda de Maldita Nerea. Este brasile\u00f1o, de vocaci\u00f3n tard\u00eda, entr\u00f3 en el mundo de la m\u00fasica a los 21 a\u00f1os de edad. <\/span><span lang=\"es\">Tras recibir su primera clase de bater\u00eda, descubri\u00f3 que esta era su pasi\u00f3n y se propuso que fuera su profesi\u00f3n<\/span>.<\/p>\n<p><span lang=\"es\">En Brasil comenz\u00f3 a dibujar el perfil de lo que llegar\u00eda a ser. Se form\u00f3 con grandes profesionales como Alexandre Ravagnani. El deseo de dedicarse a la m\u00fasica era tan fuerte que, paralelamente, investigaba, estudiaba y profundizaba con m\u00e9todos diversos, CDs, DVDs y todas las <\/span><span lang=\"es\">master clases que pod\u00eda recibir. Inici\u00f3 su camino con el grupo RAIO-X de repertorio Pop-Rock pero pronto descubri\u00f3 su motivaci\u00f3n por el Jazz, la Bossa- Nova y ritmos latinos en general<\/span>.<\/p>\n<p><span lang=\"es\">En el a\u00f1o 2000 decide marcharse de Brasil para seguir dibujando el futuro que deseaba. Despu\u00e9s de intentar ir a EEUU, finalmente, lleg\u00f3 a Barcelona. Fecha redonda en todos los sentidos. En esta maravillosa ciudad ha formado lo m\u00e1s importante de su vida: su familia! Aqu\u00ed tambi\u00e9n encuentra muchos puntos clave y decisivos como los profesores (Pablo Posa, Quim Sol\u00e9, Aldo Caviglia, Alfred Berengena&#8230;), una buena escuela, amigos y un lugar \u00fanico para vivir que considera, tambi\u00e9n, su casa: Catalu\u00f1a. Pero sin olvidar sus ra\u00edces: el Brasil<\/span>.<\/p>\n<p><span lang=\"es\">Seg\u00fan \u00e9l: &#8220;es una gran experiencia sentir que perteneces a dos mundos tan similares y diferentes a la vez&#8221;.<\/span>[\/vc_column_text][\/vc_column_inner][vc_column_inner offset=&#8221;vc_col-lg-offset-0 vc_col-lg-6 vc_col-md-offset-0 vc_col-md-6 vc_col-sm-offset-0&#8243;][vc_column_text]<span lang=\"es\">Su carrera profesional en Espa\u00f1a comienza con el cuarteto de Samba y Bossa Coisas do Brasil el cual tiene un componente emocional importante ya que fue el proyecto que le llev\u00f3 de Itaja\u00ed, su ciudad brasile\u00f1a, a Barcelona.<\/span><\/p>\n<p><span lang=\"es\">Tras varias colaboraciones y participaciones en diferentes grupos llega el momento de expansi\u00f3n nacional acompa\u00f1ando al cantante Jere por todo el Estado espa\u00f1ol. En 2008 comienza su aventura musical con Maldita Nerea. Una experiencia incre\u00edble. Act\u00faa en lugares tan importantes como el Palacio de Deportes de Madrid, Palau de la M\u00fasica Catalana y Palau Sant Jordi de Barcelona con aforos llenos y un p\u00fablico totalmente entregado. Incluso, ha hecho realidad el sue\u00f1o de cualquier m\u00fasico: <\/span><span lang=\"es\">actuar al Rock&#8217;n&#8217;Rio &#8230; una experiencia totalmente emocionante! Durante estos cinco a\u00f1os ha hecho m\u00e1s de 300 conciertos por Espa\u00f1a y giras por M\u00e9xico, Venezuela y Londres.<\/span><\/p>\n<p><span lang=\"es\">Compaginando el proyecto &#8220;Maldito&#8221; colabora con otras formaciones como<\/span> MALAKATONES,<a href=\"https:\/\/www.facebook.com\/search\/str\/blue+funky+mamma\/keywords_search\"> BLUE FUNKY MAMMA QUARTET<\/a><span lang=\"es\"> y hace sustituciones de todo tipo<\/span>.<\/p>\n<p><span lang=\"es\">Otra faceta que le apasiona y forma parte de su vida profesional es la docencia. En la actualidad imparte clases en Rub\u00ed, Barcelona, \u200b\u200ben su estudio.<\/span><\/p>\n<p><em><strong>Sin m\u00fasica la vida ser\u00eda un error, Nietzche.<\/strong><\/em><\/p>\n<p><em><strong>La m\u00fasica es el verdadero lenguage universal, Weber.<\/strong><\/em><\/p>\n<p><em><strong>La m\u00fasica es la respiraci\u00f3n del alma, M. Flores.<\/strong><\/em>[\/vc_column_text][\/vc_column_inner][\/vc_row_inner][\/vc_column][\/vc_row]<\/p>\n<\/div>","protected":false},"excerpt":{"rendered":"<p>[vc_row css_animation=&#8221;&#8221; row_type=&#8221;row&#8221; use_row_as_full_screen_section=&#8221;no&#8221; type=&#8221;grid&#8221; angled_section=&#8221;no&#8221; text_align=&#8221;left&#8221; background_image_as_pattern=&#8221;without_pattern&#8221; padding_top=&#8221;170&#8243; padding_bottom=&#8221;80&#8243; z_index=&#8221;&#8221;][vc_column][vc_column_text] BIO [\/vc_column_text][vc_separator type=&#8221;transparent&#8221; up=&#8221;15&#8243; down=&#8221;0&#8243;][vc_column_text] SERGINHO MOREIRA [\/vc_column_text][vc_separator type=&#8221;transparent&#8221; up=&#8221;50&#8243; down=&#8221;0&#8243;][vc_row_inner row_type=&#8221;row&#8221; type=&#8221;full_width&#8221; text_align=&#8221;left&#8221; padding_bottom=&#8221;20&#8243; css_animation=&#8221;&#8221;][vc_column_inner offset=&#8221;vc_col-lg-offset-0 vc_col-lg-6 vc_col-md-offset-0 vc_col-md-6 vc_col-sm-offset-0&#8243;][vc_column_text]CONSTANCIA y ESFUERZO son su filosof\u00eda de vida y se integran de manera tan&#8230;<\/p>\n","protected":false},"author":1,"featured_media":0,"parent":0,"menu_order":0,"comment_status":"closed","ping_status":"closed","template":"full_width.php","meta":{"footnotes":""},"class_list":["post-1711","page","type-page","status-publish","hentry"],"aioseo_notices":[],"_links":{"self":[{"href":"https:\/\/serginhomoreira.com\/es\/wp-json\/wp\/v2\/pages\/1711","targetHints":{"allow":["GET"]}}],"collection":[{"href":"https:\/\/serginhomoreira.com\/es\/wp-json\/wp\/v2\/pages"}],"about":[{"href":"https:\/\/serginhomoreira.com\/es\/wp-json\/wp\/v2\/types\/page"}],"author":[{"embeddable":true,"href":"https:\/\/serginhomoreira.com\/es\/wp-json\/wp\/v2\/users\/1"}],"replies":[{"embeddable":true,"href":"https:\/\/serginhomoreira.com\/es\/wp-json\/wp\/v2\/comments?post=1711"}],"version-history":[{"count":3,"href":"https:\/\/serginhomoreira.com\/es\/wp-json\/wp\/v2\/pages\/1711\/revisions"}],"predecessor-version":[{"id":1720,"href":"https:\/\/serginhomoreira.com\/es\/wp-json\/wp\/v2\/pages\/1711\/revisions\/1720"}],"wp:attachment":[{"href":"https:\/\/serginhomoreira.com\/es\/wp-json\/wp\/v2\/media?parent=1711"}],"curies":[{"name":"wp","href":"https:\/\/api.w.org\/{rel}","templated":true}]}}